{"id":652,"date":"2018-02-27T13:00:08","date_gmt":"2018-02-27T13:00:08","guid":{"rendered":"https:\/\/villatoile.artwhere.net\/?page_id=652"},"modified":"2025-03-27T17:28:46","modified_gmt":"2025-03-27T17:28:46","slug":"fotogalerie","status":"publish","type":"page","link":"https:\/\/villatoile.be\/de\/fotogalerie\/","title":{"rendered":"Fotogalerie"},"content":{"rendered":"<section class=\"section  text-normal section-text-no-shadow section-inner-no-shadow section-normal section-opaque\" >\n            <div class=\"background-media\" style=\"background-image: url(&#039;https:\/\/villatoile.be\/wp-content\/uploads\/2018\/02\/HP-slider.jpg&#039;); background-repeat:no-repeat; background-size:cover; background-attachment:fixed; background-position: 50% 0%;\" data-start=\"background-position: 50% 0px\" data-0-top-bottom=\"background-position: 50% -120px\">\n                    <\/div>\n    \n    <div class=\"background-overlay grid-overlay-0 \" style=\"background-color: rgba(0,0,0,0.2);\"><\/div>\n\n    <div class=\"container container-vertical-default\">\n        <div class=\"row vertical-default\">\n            <div class=\"col-md-12     text-center small-screen-default\"  ><div class=\"divider-wrapper \" style=\"visibility:hidden;background-color:#FFFFF\">\n    <div class=\"visible-xs\" style=\"height:50px;\"><\/div>\n    <div class=\"visible-sm\" style=\"height:100px;\"><\/div>\n    <div class=\"visible-md\" style=\"height:200px;\"><\/div>\n    <div class=\"visible-lg\" style=\"height:200px;\"><\/div>\n<\/div><h1 class=\"text-center  element-top-0 element-bottom-20 text-light os-animation hyper regular\" data-os-animation=\"fadeIn\" data-os-animation-delay=\"0.1s\" >\n    Fotogalerie<\/h1><div class=\"figure element-top-0 element-bottom-100   os-animation\" data-os-animation=\"fadeIn\" data-os-animation-delay=\"0.3s\">\n            <span class=\"figure-image\">\n        <img loading=\"lazy\" decoding=\"async\" width=\"360\" height=\"30\" src=\"https:\/\/villatoile.be\/wp-content\/uploads\/2018\/02\/decor-white.png\" class=\"attachment-full size-full\" alt=\"\" srcset=\"https:\/\/villatoile.be\/wp-content\/uploads\/2018\/02\/decor-white.png 360w, https:\/\/villatoile.be\/wp-content\/uploads\/2018\/02\/decor-white-300x25.png 300w, https:\/\/villatoile.be\/wp-content\/uploads\/2018\/02\/decor-white-90x8.png 90w\" sizes=\"auto, (max-width: 360px) 100vw, 360px\" \/>            <\/span>\n    <\/div>\n<\/div>        <\/div>\n    <\/div>\n<\/section><section class=\"section  text-normal section-text-no-shadow section-inner-no-shadow section-normal section-opaque\" >\n            <div class=\"background-media\" style=\"background-image: url(&#039;https:\/\/villatoile.be\/wp-content\/uploads\/2018\/02\/HP-slider.jpg&#039;); background-repeat:no-repeat; background-size:cover; background-attachment:fixed; background-position: 50% 0%;\" data-start=\"background-position: 50% 0px\" data-0-top-bottom=\"background-position: 50% -80px\">\n                    <\/div>\n    \n    <div class=\"background-overlay grid-overlay-0 \" style=\"background-color: rgba(0,0,0,0.7);\"><\/div>\n\n    <div class=\"container-fullwidth container-vertical-default\">\n        <div class=\"row vertical-default\">\n            <div class=\"col-md-12     text-default small-screen-default\"  ><div class=\"portfolio-container  element-top-0 element-bottom-0 text-normal\"><div class=\"row\">\r\n    <div class=\"col-md-12\">\r\n        <div class=\"portfolio-header clearfix\">\r\n            \r\n            <h3 class=\"portfolio-title pull-left\">\r\n                <strong>\r\n                    Aussicht \/                <\/strong>\r\n                <span>\r\n                    Alle                <\/span>\r\n            <\/h3>\r\n\r\n                        <div class=\"portfolio-filters pull-right\">\r\n                                                                    <div class=\"btn-group\">\r\n                        <button type=\"button\" class=\"btn btn-primary dropdown-toggle btn-icon-right btn-sm\" data-toggle=\"dropdown\">\r\n                            <b>Kategorie<\/b>\r\n                            <span>\r\n                                <i class=\"fa fa-angle-down\"><\/i>\r\n                            <\/span>\r\n                        <\/button>\r\n                        <ul class=\"dropdown-menu pull-right\" role=\"menu\">\r\n                            <li><a class=\"portfolio-filter\" data-filter=\"*\">Alle<\/a><\/li>\r\n                                                            <li><a class=\"portfolio-filter\" data-filter=\".filter-fotos-bistro-le-moulin-de\">Fotos Bistro &#039;Le Moulin&#039;<\/a><\/li>\r\n                                                            <li><a class=\"portfolio-filter\" data-filter=\".filter-gites-de\">G\u00eetes<\/a><\/li>\r\n                                                            <li><a class=\"portfolio-filter\" data-filter=\".filter-photos-camping-de\">Photos Camping<\/a><\/li>\r\n                                                            <li><a class=\"portfolio-filter\" data-filter=\".filter-photos-gites-de\">Photos Gites<\/a><\/li>\r\n                                                    <\/ul>\r\n                    <\/div>\r\n                            <\/div>\r\n        <\/div>\r\n    <\/div>\r\n<\/div>\r\n<div class=\"portfolio masonry no-transition magnific-all\" data-padding=\"0\" data-col-xs=\"1\" data-col-sm=\"3\" data-col-md=\"3\" data-col-lg=\"4\" data-layout=\"fitRows\">\n                \n            <div class=\"masonry-item portfolio-item filter-photos-gites-de\" data-menu-order=\"0\" data-date=\"2018-04-25T07:32:06+00:00\" data-title=\"Cuisine fenil\" data-comments=\"0\">\n\t\t\t\t\t\t\t\t\t\t\t\t   <div class=\"figure  element-top-0 element-bottom-0 portfolio-os-animation image-filter-none image-filter-onhover fade-in text-center figcaption-middle normalwidth\" data-os-animation=\"fadeIn\" data-os-animation-delay=\"0s\">\n            <a href=\"https:\/\/villatoile.be\/wp-content\/uploads\/2018\/03\/Gite01_22.jpg\" title=\"FENIL A table et bon app\u00e9tit\" class=\"figure-image magnific image-all\" data-links=\"\" data-captions=\"FENIL A table et bon app\u00e9tit\" target=\"_self\">\n        <img loading=\"lazy\" decoding=\"async\" width=\"800\" height=\"600\" src=\"https:\/\/villatoile.be\/wp-content\/uploads\/2018\/03\/Gite01_22-800x600.jpg\" class=\"normalwidth\" alt=\"Cuisine fenil\" \/>        <div class=\"figure-overlay grid-overlay-0\">\n        <div class=\"figure-overlay-container\">\n                            <div class=\"figure-caption\">\n                    <i class=\"icon-circle-plus\"><\/i>\n                <\/div>\n                    <\/div>\n    <\/div>\n    \n            <\/a>\n    \n<\/div>\t\t\t\t\t\t\t\t\n            <\/div>\n                        \n            <div class=\"masonry-item portfolio-item filter-photos-gites-de\" data-menu-order=\"0\" data-date=\"2018-04-25T08:04:27+00:00\" data-title=\"Room fenil\" data-comments=\"0\">\n\t\t\t\t\t\t\t\t\t\t\t\t   <div class=\"figure  element-top-0 element-bottom-0 portfolio-os-animation image-filter-none image-filter-onhover fade-in text-center figcaption-middle normalwidth\" data-os-animation=\"fadeIn\" data-os-animation-delay=\"0.1s\">\n            <a href=\"https:\/\/villatoile.be\/wp-content\/uploads\/2018\/03\/Gite01_8.jpg\" title=\"FENIL Chambre c\u00f4t\u00e9 cour\" class=\"figure-image magnific image-all\" data-links=\"\" data-captions=\"FENIL Chambre c\u00f4t\u00e9 cour\" target=\"_self\">\n        <img loading=\"lazy\" decoding=\"async\" width=\"800\" height=\"600\" src=\"https:\/\/villatoile.be\/wp-content\/uploads\/2018\/03\/Gite01_8-800x600.jpg\" class=\"normalwidth\" alt=\"Room fenil\" \/>        <div class=\"figure-overlay grid-overlay-0\">\n        <div class=\"figure-overlay-container\">\n                            <div class=\"figure-caption\">\n                    <i class=\"icon-circle-plus\"><\/i>\n                <\/div>\n                    <\/div>\n    <\/div>\n    \n            <\/a>\n    \n<\/div>\t\t\t\t\t\t\t\t\n            <\/div>\n                        \n            <div class=\"masonry-item portfolio-item filter-photos-gites-de\" data-menu-order=\"0\" data-date=\"2018-04-25T08:21:50+00:00\" data-title=\"Kammer fenil\" data-comments=\"0\">\n\t\t\t\t\t\t\t\t\t\t\t\t   <div class=\"figure  element-top-0 element-bottom-0 portfolio-os-animation image-filter-none image-filter-onhover fade-in text-center figcaption-middle normalwidth\" data-os-animation=\"fadeIn\" data-os-animation-delay=\"0.2s\">\n            <a href=\"https:\/\/villatoile.be\/wp-content\/uploads\/2018\/03\/Gite01_3.jpg\" title=\"FENIL Chambre c\u00f4t\u00e9 Lesse\" class=\"figure-image magnific image-all\" data-links=\"\" data-captions=\"FENIL Chambre c\u00f4t\u00e9 Lesse\" target=\"_self\">\n        <img loading=\"lazy\" decoding=\"async\" width=\"800\" height=\"600\" src=\"https:\/\/villatoile.be\/wp-content\/uploads\/2018\/03\/Gite01_3-800x600.jpg\" class=\"normalwidth\" alt=\"Kammer fenil\" \/>        <div class=\"figure-overlay grid-overlay-0\">\n        <div class=\"figure-overlay-container\">\n                            <div class=\"figure-caption\">\n                    <i class=\"icon-circle-plus\"><\/i>\n                <\/div>\n                    <\/div>\n    <\/div>\n    \n            <\/a>\n    \n<\/div>\t\t\t\t\t\t\t\t\n            <\/div>\n                        \n            <div class=\"masonry-item portfolio-item filter-photos-gites-de\" data-menu-order=\"0\" data-date=\"2018-04-25T08:26:31+00:00\" data-title=\"Living fenil\" data-comments=\"0\">\n\t\t\t\t\t\t\t\t\t\t\t\t   <div class=\"figure  element-top-0 element-bottom-0 portfolio-os-animation image-filter-none image-filter-onhover fade-in text-center figcaption-middle normalwidth\" data-os-animation=\"fadeIn\" data-os-animation-delay=\"0.3s\">\n            <a href=\"https:\/\/villatoile.be\/wp-content\/uploads\/2014\/12\/fenil-0.jpg\" title=\"FENIL Coin salon\" class=\"figure-image magnific image-all\" data-links=\"\" data-captions=\"FENIL Coin salon\" target=\"_self\">\n        <img loading=\"lazy\" decoding=\"async\" width=\"800\" height=\"600\" src=\"https:\/\/villatoile.be\/wp-content\/uploads\/2014\/12\/fenil-0-800x600.jpg\" class=\"normalwidth\" alt=\"Living fenil\" \/>        <div class=\"figure-overlay grid-overlay-0\">\n        <div class=\"figure-overlay-container\">\n                            <div class=\"figure-caption\">\n                    <i class=\"icon-circle-plus\"><\/i>\n                <\/div>\n                    <\/div>\n    <\/div>\n    \n            <\/a>\n    \n<\/div>\t\t\t\t\t\t\t\t\n            <\/div>\n                        \n            <div class=\"masonry-item portfolio-item filter-photos-gites-de\" data-menu-order=\"0\" data-date=\"2018-04-25T08:32:22+00:00\" data-title=\"Kammer Platane\" data-comments=\"0\">\n\t\t\t\t\t\t\t\t\t\t\t\t   <div class=\"figure  element-top-0 element-bottom-0 portfolio-os-animation image-filter-none image-filter-onhover fade-in text-center figcaption-middle normalwidth\" data-os-animation=\"fadeIn\" data-os-animation-delay=\"0.4s\">\n            <a href=\"https:\/\/villatoile.be\/wp-content\/uploads\/2018\/03\/Gite03_15.jpg\" title=\"PLATANE chambre \u00e0 coucher 1er \u00e9tage\" class=\"figure-image magnific image-all\" data-links=\"\" data-captions=\"PLATANE chambre \u00e0 coucher 1er \u00e9tage\" target=\"_self\">\n        <img loading=\"lazy\" decoding=\"async\" width=\"800\" height=\"600\" src=\"https:\/\/villatoile.be\/wp-content\/uploads\/2018\/03\/Gite03_15-800x600.jpg\" class=\"normalwidth\" alt=\"Kammer Platane\" \/>        <div class=\"figure-overlay grid-overlay-0\">\n        <div class=\"figure-overlay-container\">\n                            <div class=\"figure-caption\">\n                    <i class=\"icon-circle-plus\"><\/i>\n                <\/div>\n                    <\/div>\n    <\/div>\n    \n            <\/a>\n    \n<\/div>\t\t\t\t\t\t\t\t\n            <\/div>\n                        \n            <div class=\"masonry-item portfolio-item filter-photos-gites-de\" data-menu-order=\"0\" data-date=\"2018-04-25T08:42:06+00:00\" data-title=\"Kammer Platane rez\" data-comments=\"0\">\n\t\t\t\t\t\t\t\t\t\t\t\t   <div class=\"figure  element-top-0 element-bottom-0 portfolio-os-animation image-filter-none image-filter-onhover fade-in text-center figcaption-middle normalwidth\" data-os-animation=\"fadeIn\" data-os-animation-delay=\"0.5s\">\n            <a href=\"https:\/\/villatoile.be\/wp-content\/uploads\/2018\/03\/Gite03_12.jpg\" title=\"PLATANE chambre \u00e0 coucher rez de chauss\u00e9e\" class=\"figure-image magnific image-all\" data-links=\"\" data-captions=\"PLATANE chambre \u00e0 coucher rez de chauss\u00e9e\" target=\"_self\">\n        <img loading=\"lazy\" decoding=\"async\" width=\"800\" height=\"600\" src=\"https:\/\/villatoile.be\/wp-content\/uploads\/2018\/03\/Gite03_12-800x600.jpg\" class=\"normalwidth\" alt=\"Kammer Platane rez\" \/>        <div class=\"figure-overlay grid-overlay-0\">\n        <div class=\"figure-overlay-container\">\n                            <div class=\"figure-caption\">\n                    <i class=\"icon-circle-plus\"><\/i>\n                <\/div>\n                    <\/div>\n    <\/div>\n    \n            <\/a>\n    \n<\/div>\t\t\t\t\t\t\t\t\n            <\/div>\n                        \n            <div class=\"masonry-item portfolio-item filter-photos-gites-de\" data-menu-order=\"0\" data-date=\"2018-04-25T09:05:43+00:00\" data-title=\"Garten Platane\" data-comments=\"0\">\n\t\t\t\t\t\t\t\t\t\t\t\t   <div class=\"figure  element-top-0 element-bottom-0 portfolio-os-animation image-filter-none image-filter-onhover fade-in text-center figcaption-middle normalwidth\" data-os-animation=\"fadeIn\" data-os-animation-delay=\"0.6s\">\n            <a href=\"https:\/\/villatoile.be\/wp-content\/uploads\/2018\/03\/Gite03Ext_41.jpg\" title=\"PLATANE le jardin\" class=\"figure-image magnific image-all\" data-links=\"\" data-captions=\"PLATANE le jardin\" target=\"_self\">\n        <img loading=\"lazy\" decoding=\"async\" width=\"800\" height=\"600\" src=\"https:\/\/villatoile.be\/wp-content\/uploads\/2018\/03\/Gite03Ext_41-800x600.jpg\" class=\"normalwidth\" alt=\"Garten Platane\" srcset=\"https:\/\/villatoile.be\/wp-content\/uploads\/2018\/03\/Gite03Ext_41-800x600.jpg 800w, https:\/\/villatoile.be\/wp-content\/uploads\/2018\/03\/Gite03Ext_41-300x225.jpg 300w, https:\/\/villatoile.be\/wp-content\/uploads\/2018\/03\/Gite03Ext_41-768x576.jpg 768w, https:\/\/villatoile.be\/wp-content\/uploads\/2018\/03\/Gite03Ext_41-1024x767.jpg 1024w, https:\/\/villatoile.be\/wp-content\/uploads\/2018\/03\/Gite03Ext_41-90x67.jpg 90w, https:\/\/villatoile.be\/wp-content\/uploads\/2018\/03\/Gite03Ext_41-700x525.jpg 700w\" sizes=\"auto, (max-width: 800px) 100vw, 800px\" \/>        <div class=\"figure-overlay grid-overlay-0\">\n        <div class=\"figure-overlay-container\">\n                            <div class=\"figure-caption\">\n                    <i class=\"icon-circle-plus\"><\/i>\n                <\/div>\n                    <\/div>\n    <\/div>\n    \n            <\/a>\n    \n<\/div>\t\t\t\t\t\t\t\t\n            <\/div>\n                        \n            <div class=\"masonry-item portfolio-item filter-photos-gites-de\" data-menu-order=\"0\" data-date=\"2018-04-25T09:33:57+00:00\" data-title=\"K\u00fcche Platane\" data-comments=\"0\">\n\t\t\t\t\t\t\t\t\t\t\t\t   <div class=\"figure  element-top-0 element-bottom-0 portfolio-os-animation image-filter-none image-filter-onhover fade-in text-center figcaption-middle normalwidth\" data-os-animation=\"fadeIn\" data-os-animation-delay=\"0.7s\">\n            <a href=\"https:\/\/villatoile.be\/wp-content\/uploads\/2018\/03\/Gite03_5.jpg\" title=\"PLATANE cuisine\" class=\"figure-image magnific image-all\" data-links=\"\" data-captions=\"PLATANE cuisine\" target=\"_self\">\n        <img loading=\"lazy\" decoding=\"async\" width=\"800\" height=\"600\" src=\"https:\/\/villatoile.be\/wp-content\/uploads\/2018\/03\/Gite03_5-800x600.jpg\" class=\"normalwidth\" alt=\"K\u00fcche Platane\" \/>        <div class=\"figure-overlay grid-overlay-0\">\n        <div class=\"figure-overlay-container\">\n                            <div class=\"figure-caption\">\n                    <i class=\"icon-circle-plus\"><\/i>\n                <\/div>\n                    <\/div>\n    <\/div>\n    \n            <\/a>\n    \n<\/div>\t\t\t\t\t\t\t\t\n            <\/div>\n                        \n            <div class=\"masonry-item portfolio-item filter-photos-camping-de\" data-menu-order=\"0\" data-date=\"2018-04-25T09:19:33+00:00\" data-title=\"Garten\" data-comments=\"0\">\n\t\t\t\t\t\t\t\t\t\t\t\t   <div class=\"figure  element-top-0 element-bottom-0 portfolio-os-animation image-filter-none image-filter-onhover fade-in text-center figcaption-middle normalwidth\" data-os-animation=\"fadeIn\" data-os-animation-delay=\"0.8s\">\n            <a href=\"https:\/\/villatoile.be\/wp-content\/uploads\/2018\/03\/Gite03Ext_13.jpg\" title=\"jardin secret\" class=\"figure-image magnific image-all\" data-links=\"\" data-captions=\"jardin secret\" target=\"_self\">\n        <img loading=\"lazy\" decoding=\"async\" width=\"800\" height=\"600\" src=\"https:\/\/villatoile.be\/wp-content\/uploads\/2018\/03\/Gite03Ext_13-800x600.jpg\" class=\"normalwidth\" alt=\"Garten\" \/>        <div class=\"figure-overlay grid-overlay-0\">\n        <div class=\"figure-overlay-container\">\n                            <div class=\"figure-caption\">\n                    <i class=\"icon-circle-plus\"><\/i>\n                <\/div>\n                    <\/div>\n    <\/div>\n    \n            <\/a>\n    \n<\/div>\t\t\t\t\t\t\t\t\n            <\/div>\n                        \n            <div class=\"masonry-item portfolio-item filter-photos-camping-de\" data-menu-order=\"0\" data-date=\"2018-04-25T09:30:43+00:00\" data-title=\"Der hof\" data-comments=\"0\">\n\t\t\t\t\t\t\t\t\t\t\t\t   <div class=\"figure  element-top-0 element-bottom-0 portfolio-os-animation image-filter-none image-filter-onhover fade-in text-center figcaption-middle normalwidth\" data-os-animation=\"fadeIn\" data-os-animation-delay=\"0.9s\">\n            <a href=\"https:\/\/villatoile.be\/wp-content\/uploads\/2018\/03\/DJI_0066.jpg\" title=\"&quot;Villatoile&quot; fontaine automne\" class=\"figure-image magnific image-all\" data-links=\"\" data-captions=\"&quot;Villatoile&quot; fontaine automne\" target=\"_self\">\n        <img loading=\"lazy\" decoding=\"async\" width=\"800\" height=\"600\" src=\"https:\/\/villatoile.be\/wp-content\/uploads\/2018\/03\/DJI_0066-800x600.jpg\" class=\"normalwidth\" alt=\"Der hof\" srcset=\"https:\/\/villatoile.be\/wp-content\/uploads\/2018\/03\/DJI_0066-800x600.jpg 800w, https:\/\/villatoile.be\/wp-content\/uploads\/2018\/03\/DJI_0066-300x225.jpg 300w, https:\/\/villatoile.be\/wp-content\/uploads\/2018\/03\/DJI_0066-768x576.jpg 768w, https:\/\/villatoile.be\/wp-content\/uploads\/2018\/03\/DJI_0066-1024x767.jpg 1024w, https:\/\/villatoile.be\/wp-content\/uploads\/2018\/03\/DJI_0066-90x67.jpg 90w, https:\/\/villatoile.be\/wp-content\/uploads\/2018\/03\/DJI_0066-700x525.jpg 700w\" sizes=\"auto, (max-width: 800px) 100vw, 800px\" \/>        <div class=\"figure-overlay grid-overlay-0\">\n        <div class=\"figure-overlay-container\">\n                            <div class=\"figure-caption\">\n                    <i class=\"icon-circle-plus\"><\/i>\n                <\/div>\n                    <\/div>\n    <\/div>\n    \n            <\/a>\n    \n<\/div>\t\t\t\t\t\t\t\t\n            <\/div>\n                        \n            <div class=\"masonry-item portfolio-item filter-photos-camping-de\" data-menu-order=\"0\" data-date=\"2018-04-25T09:57:08+00:00\" data-title=\"Bohrloch\" data-comments=\"0\">\n\t\t\t\t\t\t\t\t\t\t\t\t   <div class=\"figure  element-top-0 element-bottom-0 portfolio-os-animation image-filter-none image-filter-onhover fade-in text-center figcaption-middle normalwidth\" data-os-animation=\"fadeIn\" data-os-animation-delay=\"1s\">\n            <a href=\"https:\/\/villatoile.be\/wp-content\/uploads\/2018\/03\/Gite03Ext_28.jpg\" title=\"Ancienne margelle du puit\" class=\"figure-image magnific image-all\" data-links=\"\" data-captions=\"Ancienne margelle du puit\" target=\"_self\">\n        <img loading=\"lazy\" decoding=\"async\" width=\"800\" height=\"600\" src=\"https:\/\/villatoile.be\/wp-content\/uploads\/2018\/03\/Gite03Ext_28-800x600.jpg\" class=\"normalwidth\" alt=\"Bohrloch\" \/>        <div class=\"figure-overlay grid-overlay-0\">\n        <div class=\"figure-overlay-container\">\n                            <div class=\"figure-caption\">\n                    <i class=\"icon-circle-plus\"><\/i>\n                <\/div>\n                    <\/div>\n    <\/div>\n    \n            <\/a>\n    \n<\/div>\t\t\t\t\t\t\t\t\n            <\/div>\n                        \n            <div class=\"masonry-item portfolio-item filter-fotos-bistro-le-moulin-de\" data-menu-order=\"0\" data-date=\"2025-03-21T08:18:51+00:00\" data-title=\"Le Moulin Degustationstafeln\" data-comments=\"0\">\n\t\t\t\t\t\t\t\t\t\t\t\t   <div class=\"figure  element-top-0 element-bottom-0 portfolio-os-animation image-filter-none image-filter-onhover fade-in text-center figcaption-middle normalwidth\" data-os-animation=\"fadeIn\" data-os-animation-delay=\"1.1s\">\n            <a href=\"https:\/\/villatoile.be\/wp-content\/uploads\/2025\/03\/Capture-decran-2025-02-25-a-17.20.48.png\" title=\"Le Moulin Degustationstafeln\" class=\"figure-image magnific image-all\" data-links=\"\" data-captions=\"Le Moulin Degustationstafeln\" target=\"_self\">\n        <img loading=\"lazy\" decoding=\"async\" width=\"800\" height=\"600\" src=\"https:\/\/villatoile.be\/wp-content\/uploads\/2025\/03\/Capture-decran-2025-02-25-a-17.20.48-800x600.png\" class=\"normalwidth\" alt=\"Le Moulin Degustationstafeln\" \/>        <div class=\"figure-overlay grid-overlay-0\">\n        <div class=\"figure-overlay-container\">\n                            <div class=\"figure-caption\">\n                    <i class=\"icon-circle-plus\"><\/i>\n                <\/div>\n                    <\/div>\n    <\/div>\n    \n            <\/a>\n    \n<\/div>\t\t\t\t\t\t\t\t\n            <\/div>\n                        \n            <div class=\"masonry-item portfolio-item filter-gites-de\" data-menu-order=\"1\" data-date=\"2018-02-27T13:12:23+00:00\" data-title=\"Ferienhaus &#8220; Le Platane &#8222;\" data-comments=\"0\">\n\t\t\t\t\t\t\t\t\t\t\t\t   <div class=\"figure  element-top-0 element-bottom-0 portfolio-os-animation image-filter-none image-filter-onhover fade-in text-center figcaption-middle normalwidth\" data-os-animation=\"fadeIn\" data-os-animation-delay=\"1.2s\">\n            <a href=\"https:\/\/villatoile.be\/wp-content\/uploads\/2014\/12\/platan-03.jpg\" title=\"\" class=\"figure-image magnific image-all\" data-links=\"\"  target=\"_self\">\n        <img loading=\"lazy\" decoding=\"async\" width=\"800\" height=\"600\" src=\"https:\/\/villatoile.be\/wp-content\/uploads\/2014\/12\/platan-03-800x600.jpg\" class=\"normalwidth\" alt=\"Ferienhaus &#8220; Le Platane &#8222;\" \/>        <div class=\"figure-overlay grid-overlay-0\">\n        <div class=\"figure-overlay-container\">\n                            <div class=\"figure-caption\">\n                    <i class=\"icon-circle-plus\"><\/i>\n                <\/div>\n                    <\/div>\n    <\/div>\n    \n            <\/a>\n    \n<\/div>\t\t\t\t\t\t\t\t\n            <\/div>\n                        \n            <div class=\"masonry-item portfolio-item filter-gites-de\" data-menu-order=\"2\" data-date=\"2018-02-27T13:20:24+00:00\" data-title=\"Ferienwohnung &#8222;Le Fenil&#8220;\" data-comments=\"0\">\n\t\t\t\t\t\t\t\t\t\t\t\t   <div class=\"figure  element-top-0 element-bottom-0 portfolio-os-animation image-filter-none image-filter-onhover fade-in text-center figcaption-middle normalwidth\" data-os-animation=\"fadeIn\" data-os-animation-delay=\"1.3s\">\n            <a href=\"https:\/\/villatoile.be\/wp-content\/uploads\/2014\/12\/fenil-1.jpg\" title=\"\" class=\"figure-image magnific image-all\" data-links=\"\"  target=\"_self\">\n        <img loading=\"lazy\" decoding=\"async\" width=\"800\" height=\"600\" src=\"https:\/\/villatoile.be\/wp-content\/uploads\/2014\/12\/fenil-1-800x600.jpg\" class=\"normalwidth\" alt=\"Ferienwohnung &#8222;Le Fenil&#8220;\" \/>        <div class=\"figure-overlay grid-overlay-0\">\n        <div class=\"figure-overlay-container\">\n                            <div class=\"figure-caption\">\n                    <i class=\"icon-circle-plus\"><\/i>\n                <\/div>\n                    <\/div>\n    <\/div>\n    \n            <\/a>\n    \n<\/div>\t\t\t\t\t\t\t\t\n            <\/div>\n                        \n            <div class=\"masonry-item portfolio-item filter-gites-de\" data-menu-order=\"3\" data-date=\"2018-02-27T13:23:39+00:00\" data-title=\"Ferienwohnung &#8222;Le Fr\u00eane&#8220;\" data-comments=\"0\">\n\t\t\t\t\t\t\t\t\t\t\t\t   <div class=\"figure  element-top-0 element-bottom-0 portfolio-os-animation image-filter-none image-filter-onhover fade-in text-center figcaption-middle normalwidth\" data-os-animation=\"fadeIn\" data-os-animation-delay=\"1.4s\">\n            <a href=\"https:\/\/villatoile.be\/wp-content\/uploads\/2014\/12\/frene-1.jpg\" title=\"\" class=\"figure-image magnific image-all\" data-links=\"\"  target=\"_self\">\n        <img loading=\"lazy\" decoding=\"async\" width=\"800\" height=\"600\" src=\"https:\/\/villatoile.be\/wp-content\/uploads\/2014\/12\/frene-1-800x600.jpg\" class=\"normalwidth\" alt=\"Ferienwohnung &#8222;Le Fr\u00eane&#8220;\" \/>        <div class=\"figure-overlay grid-overlay-0\">\n        <div class=\"figure-overlay-container\">\n                            <div class=\"figure-caption\">\n                    <i class=\"icon-circle-plus\"><\/i>\n                <\/div>\n                    <\/div>\n    <\/div>\n    \n            <\/a>\n    \n<\/div>\t\t\t\t\t\t\t\t\n            <\/div>\n            <\/div>\n<\/div><\/div>        <\/div>\n    <\/div>\n<\/section>\n","protected":false},"excerpt":{"rendered":"Ferienwohnung \"Le Fr\u00eane\" Ausr\u00fcstung Die Gruppenferienwohnung ' Le Fr\u00eane, untergebracht im ehemaligen Heuboden des Bauernhofs, ist ideal f\u00fcr Gruppen von 15 bis 29 Personen. Mit seiner rustikalen und authentischen Atmosph\u00e4re ist Le Fr\u00eane der perfekte Ort f\u00fcr Freundestreffen oder gro\u00dfe Familientreffen, wo Geselligkeit und Entspannung im Mittelpunkt stehen. Der Eingang befindet sich in einem \u00fcberdachten","protected":false},"author":3,"featured_media":0,"parent":0,"menu_order":0,"comment_status":"open","ping_status":"closed","template":"","meta":{"footnotes":""},"class_list":["post-652","page","type-page","status-publish","hentry"],"_links":{"self":[{"href":"https:\/\/villatoile.be\/de\/wp-json\/wp\/v2\/pages\/652","targetHints":{"allow":["GET"]}}],"collection":[{"href":"https:\/\/villatoile.be\/de\/wp-json\/wp\/v2\/pages"}],"about":[{"href":"https:\/\/villatoile.be\/de\/wp-json\/wp\/v2\/types\/page"}],"author":[{"embeddable":true,"href":"https:\/\/villatoile.be\/de\/wp-json\/wp\/v2\/users\/3"}],"replies":[{"embeddable":true,"href":"https:\/\/villatoile.be\/de\/wp-json\/wp\/v2\/comments?post=652"}],"version-history":[{"count":6,"href":"https:\/\/villatoile.be\/de\/wp-json\/wp\/v2\/pages\/652\/revisions"}],"predecessor-version":[{"id":2658,"href":"https:\/\/villatoile.be\/de\/wp-json\/wp\/v2\/pages\/652\/revisions\/2658"}],"wp:attachment":[{"href":"https:\/\/villatoile.be\/de\/wp-json\/wp\/v2\/media?parent=652"}],"curies":[{"name":"wp","href":"https:\/\/api.w.org\/{rel}","templated":true}]}}